{"id":27911,"date":"2025-03-01T19:02:32","date_gmt":"2025-03-01T18:02:32","guid":{"rendered":"https:\/\/www.neolifesalud.com\/?page_id=27911"},"modified":"2026-02-25T17:27:50","modified_gmt":"2026-02-25T16:27:50","slug":"equipo","status":"publish","type":"page","link":"https:\/\/www.neolifesalud.com\/ca\/equipo\/","title":{"rendered":"Equip"},"content":{"rendered":"\t\t<div data-elementor-type=\"wp-page\" data-elementor-id=\"27911\" class=\"elementor elementor-27911 elementor-12796\" data-elementor-post-type=\"page\">\n\t\t\t\t\t\t<section class=\"elementor-section elementor-top-section elementor-element elementor-element-6192af6f elementor-section-height-min-height elementor-section-boxed elementor-section-height-default elementor-section-items-middle elementor-invisible\" data-id=\"6192af6f\" data-element_type=\"section\" data-settings=\"{&quot;background_background&quot;:&quot;classic&quot;,&quot;animation&quot;:&quot;fadeIn&quot;}\">\n\t\t\t\t\t\t<div class=\"elementor-container elementor-column-gap-default\">\n\t\t\t\t\t<div class=\"elementor-column elementor-col-100 elementor-top-column elementor-element elementor-element-dd7f090\" data-id=\"dd7f090\" data-element_type=\"column\">\n\t\t\t<div class=\"elementor-widget-wrap elementor-element-populated\">\n\t\t\t\t\t\t<div class=\"elementor-element elementor-element-165111b elementor-widget__width-initial elementor-invisible elementor-widget elementor-widget-heading\" data-id=\"165111b\" data-element_type=\"widget\" data-settings=\"{&quot;_animation&quot;:&quot;fadeInUp&quot;}\" data-widget_type=\"heading.default\">\n\t\t\t\t<div class=\"elementor-widget-container\">\n\t\t\t\t\t<h1 class=\"elementor-heading-title elementor-size-default\">EL NOSTRE EQUIP<\/h1>\t\t\t\t<\/div>\n\t\t\t\t<\/div>\n\t\t\t\t\t<\/div>\n\t\t<\/div>\n\t\t\t\t\t<\/div>\n\t\t<\/section>\n\t\t\t\t<section class=\"elementor-section elementor-top-section elementor-element elementor-element-6c1e158 elementor-section-full_width elementor-section-height-default elementor-section-height-default\" data-id=\"6c1e158\" data-element_type=\"section\" data-settings=\"{&quot;background_background&quot;:&quot;classic&quot;}\">\n\t\t\t\t\t\t\t<div class=\"elementor-background-overlay\"><\/div>\n\t\t\t\t\t\t\t<div class=\"elementor-container elementor-column-gap-default\">\n\t\t\t\t\t<div class=\"elementor-column elementor-col-100 elementor-top-column elementor-element elementor-element-12835ae\" data-id=\"12835ae\" data-element_type=\"column\" data-settings=\"{&quot;background_background&quot;:&quot;classic&quot;}\">\n\t\t\t<div class=\"elementor-widget-wrap elementor-element-populated\">\n\t\t\t\t\t\t<section class=\"elementor-section elementor-inner-section elementor-element elementor-element-c0c4401 elementor-section-full_width elementor-section-height-default elementor-section-height-default\" data-id=\"c0c4401\" data-element_type=\"section\">\n\t\t\t\t\t\t<div class=\"elementor-container elementor-column-gap-default\">\n\t\t\t\t\t<div class=\"elementor-column elementor-col-100 elementor-inner-column elementor-element elementor-element-9abe20d\" data-id=\"9abe20d\" data-element_type=\"column\">\n\t\t\t<div class=\"elementor-widget-wrap elementor-element-populated\">\n\t\t\t\t\t\t<div class=\"elementor-element elementor-element-8524c88 elementor-widget elementor-widget-icon-box\" data-id=\"8524c88\" data-element_type=\"widget\" data-widget_type=\"icon-box.default\">\n\t\t\t\t<div class=\"elementor-widget-container\">\n\t\t\t\t\t\t\t<div class=\"elementor-icon-box-wrapper\">\n\n\t\t\t\n\t\t\t\t\t\t<div class=\"elementor-icon-box-content\">\n\n\t\t\t\t\t\t\t\t\t<h3 class=\"elementor-icon-box-title\">\n\t\t\t\t\t\t<span  >\n\t\t\t\t\t\t\tLES NOSTRES CL\u00cdNIQUES\t\t\t\t\t\t<\/span>\n\t\t\t\t\t<\/h3>\n\t\t\t\t\n\t\t\t\t\n\t\t\t<\/div>\n\t\t\t\n\t\t<\/div>\n\t\t\t\t\t\t<\/div>\n\t\t\t\t<\/div>\n\t\t\t\t\t<\/div>\n\t\t<\/div>\n\t\t\t\t\t<\/div>\n\t\t<\/section>\n\t\t\t\t<section class=\"elementor-section elementor-inner-section elementor-element elementor-element-2a976ba elementor-section-full_width elementor-section-height-default elementor-section-height-default\" data-id=\"2a976ba\" data-element_type=\"section\">\n\t\t\t\t\t\t<div class=\"elementor-container elementor-column-gap-default\">\n\t\t\t\t\t<div class=\"elementor-column elementor-col-33 elementor-inner-column elementor-element elementor-element-21aca1f\" data-id=\"21aca1f\" data-element_type=\"column\">\n\t\t\t<div class=\"elementor-widget-wrap elementor-element-populated\">\n\t\t\t\t\t\t<div class=\"elementor-element elementor-element-122052b elementor-flip-box--direction-right team-card elementor-flip-box--effect-flip elementor-widget elementor-widget-flip-box\" data-id=\"122052b\" data-element_type=\"widget\" data-widget_type=\"flip-box.default\">\n\t\t\t\t<div class=\"elementor-widget-container\">\n\t\t\t\t\t\t\t<div class=\"elementor-flip-box\" tabindex=\"0\">\n\t\t\t<div class=\"elementor-flip-box__layer elementor-flip-box__front\">\n\t\t\t\t<div class=\"elementor-flip-box__layer__overlay\">\n\t\t\t\t\t<div class=\"elementor-flip-box__layer__inner\">\n\t\t\t\t\t\t\n\t\t\t\t\t\t\t\t\t\t\t\t\t<h3 class=\"elementor-flip-box__layer__title\">\n\t\t\t\t\t\t\t\tDr. Gal\u00e1n\t\t\t\t\t\t\t<\/h3>\n\t\t\t\t\t\t\n\t\t\t\t\t\t\t\t\t\t\t\t\t<div class=\"elementor-flip-box__layer__description\">\n\t\t\t\t\t\t\t\tEquip M\u00e8dic Neolife\t\t\t\t\t\t\t<\/div>\n\t\t\t\t\t\t\t\t\t\t\t<\/div>\n\t\t\t\t<\/div>\n\t\t\t<\/div>\n\t\t\t<div class=\"elementor-flip-box__layer elementor-flip-box__back\">\n\t\t\t<div class=\"elementor-flip-box__layer__overlay\">\n\t\t\t\t<div class=\"elementor-flip-box__layer__inner\">\n\t\t\t\t\t\n\t\t\t\t\t\t\t\t\t\t\t<div class=\"elementor-flip-box__layer__description\">\n\t\t\t\t\t\t\tEl Dr. Gal\u00e1n \u00e9s llicenciat en Medicina i Cirurgia per la Universitat Aut\u00f2noma de Madrid i est\u00e0 especialitzat en Medicina Familiar i Comunit\u00e0ria a l\u2019Hospital Universitari La Paz. \n<br><br>En els darrers anys ha completat la seva formaci\u00f3 cl\u00ednica i ha orientat la seva carrera m\u00e8dica cap a la medicina preventiva, amb formaci\u00f3 continuada als Estats Units i a Europa, obtenint els t\u00edtols en Age Management Medicine i el BHRT Certification (Advanced Bioidentical Hormonal Replacement Therapy Certification). \n\n<br><br>La seva experi\u00e8ncia professional de m\u00e9s de dues d\u00e8cades en serveis d\u2019urg\u00e8ncies, medicina de fam\u00edlia, patologia musculoesquel\u00e8tica i tractaments regeneratius, juntament amb la seva dilatada pr\u00e0ctica cl\u00ednica en medicina preventiva i microbiota, el converteixen en una pe\u00e7a clau de l\u2019equip m\u00e8dic de Neolife.\n\t\t\t\t\t\t<\/div>\n\t\t\t\t\t\n\t\t\t\t\t\t\t\t<\/div>\n\t\t<\/div>\n\t\t<\/div>\n\t\t<\/div>\n\t\t\t\t\t\t<\/div>\n\t\t\t\t<\/div>\n\t\t\t\t<div class=\"elementor-element elementor-element-d646f4c elementor-flip-box--direction-right team-card elementor-flip-box--effect-flip elementor-widget elementor-widget-flip-box\" data-id=\"d646f4c\" data-element_type=\"widget\" data-widget_type=\"flip-box.default\">\n\t\t\t\t<div class=\"elementor-widget-container\">\n\t\t\t\t\t\t\t<div class=\"elementor-flip-box\" tabindex=\"0\">\n\t\t\t<div class=\"elementor-flip-box__layer elementor-flip-box__front\">\n\t\t\t\t<div class=\"elementor-flip-box__layer__overlay\">\n\t\t\t\t\t<div class=\"elementor-flip-box__layer__inner\">\n\t\t\t\t\t\t\n\t\t\t\t\t\t\t\t\t\t\t\t\t<h3 class=\"elementor-flip-box__layer__title\">\n\t\t\t\t\t\t\t\tDr. Mart\u00ed\t\t\t\t\t\t\t<\/h3>\n\t\t\t\t\t\t\n\t\t\t\t\t\t\t\t\t\t\t\t\t<div class=\"elementor-flip-box__layer__description\">\n\t\t\t\t\t\t\t\tEquip M\u00e8dic Neolife\t\t\t\t\t\t\t<\/div>\n\t\t\t\t\t\t\t\t\t\t\t<\/div>\n\t\t\t\t<\/div>\n\t\t\t<\/div>\n\t\t\t<div class=\"elementor-flip-box__layer elementor-flip-box__back\">\n\t\t\t<div class=\"elementor-flip-box__layer__overlay\">\n\t\t\t\t<div class=\"elementor-flip-box__layer__inner\">\n\t\t\t\t\t\n\t\t\t\t\t\t\t\t\t\t\t<div class=\"elementor-flip-box__layer__description\">\n\t\t\t\t\t\t\tEl Dr. Carlos C\u00e9sar Mart\u00ed \u00e9s metge especialista en Medicina Interna, Graduat en Medicina per la Universitat de Val\u00e8ncia i M\u00e0ster en Medicina Cl\u00ednica per la Universitat Camilo Jos\u00e9 Cela, a m\u00e9s de comptar amb un Diploma d\u2019Expert Universitari en Novetats en Trombosi i C\u00e0ncer (UCAM). Es va formar com a MIR a l\u2019Hospital General de Granollers. \n\n<br><br>Ha desenvolupat la seva activitat com a metge al servei d\u2019Oncologia de l\u2019Institut Catal\u00e0 d\u2019Oncologia (Hospital de Bellvitge) i com a metge adjunt d\u2019Urg\u00e8ncies M\u00e8diques a l\u2019Hospital General de Granollers. La seva experi\u00e8ncia abasta consulta, urg\u00e8ncies i hospitalitzaci\u00f3, aportant una visi\u00f3 global de la medicina interna. \n\n<br><br>En els darrers anys ha orientat la seva carrera cap a la Longevitat Saludable, obtenint una Certificaci\u00f3 en Medicina Funcional i Medicina de la Longevitat per l\u2019American Academy of Anti-Aging Medicine. Actualment forma part de l\u2019equip m\u00e8dic de Neolife Barcelona. \t\t\t\t\t\t<\/div>\n\t\t\t\t\t\n\t\t\t\t\t\t\t\t<\/div>\n\t\t<\/div>\n\t\t<\/div>\n\t\t<\/div>\n\t\t\t\t\t\t<\/div>\n\t\t\t\t<\/div>\n\t\t\t\t<div class=\"elementor-element elementor-element-0b56bbc elementor-flip-box--direction-right team-card elementor-flip-box--effect-flip elementor-widget elementor-widget-flip-box\" data-id=\"0b56bbc\" data-element_type=\"widget\" data-widget_type=\"flip-box.default\">\n\t\t\t\t<div class=\"elementor-widget-container\">\n\t\t\t\t\t\t\t<div class=\"elementor-flip-box\" tabindex=\"0\">\n\t\t\t<div class=\"elementor-flip-box__layer elementor-flip-box__front\">\n\t\t\t\t<div class=\"elementor-flip-box__layer__overlay\">\n\t\t\t\t\t<div class=\"elementor-flip-box__layer__inner\">\n\t\t\t\t\t\t\n\t\t\t\t\t\t\t\t\t\t\t\t\t<h3 class=\"elementor-flip-box__layer__title\">\n\t\t\t\t\t\t\t\tMeritxell Massons\t\t\t\t\t\t\t<\/h3>\n\t\t\t\t\t\t\n\t\t\t\t\t\t\t\t\t\t\t\t\t<div class=\"elementor-flip-box__layer__description\">\n\t\t\t\t\t\t\t\tEquip de Nutrici\u00f3 Neolife\t\t\t\t\t\t\t<\/div>\n\t\t\t\t\t\t\t\t\t\t\t<\/div>\n\t\t\t\t<\/div>\n\t\t\t<\/div>\n\t\t\t<div class=\"elementor-flip-box__layer elementor-flip-box__back\">\n\t\t\t<div class=\"elementor-flip-box__layer__overlay\">\n\t\t\t\t<div class=\"elementor-flip-box__layer__inner\">\n\t\t\t\t\t\n\t\t\t\t\t\t\t\t\t\t\t<div class=\"elementor-flip-box__layer__description\">\n\t\t\t\t\t\t\tMeritxell Massons \u00e9s Dietista-Nutricionista especialitzada en inflamaci\u00f3 de baix grau i salut hormonal femenina. El seu enfocament es basa en una visi\u00f3 integrativa de la salut, amb experi\u00e8ncia cl\u00ednica en l\u2019abordatge nutricional d\u2019aquestes \u00e0rees. \n<br><br>Compta amb formaci\u00f3 de postgrau en Malalties Cr\u00f2niques i Envelliment Saludable, un m\u00e0ster impartit per l\u2019Hospital Cl\u00ednic de Barcelona, que refor\u00e7a el seu comprom\u00eds amb la prevenci\u00f3 i el benestar a llarg termini.\n<br><br>Al llarg de la seva traject\u00f2ria ha treballat en equips multidisciplinaris, fet que li ha perm\u00e8s adquirir una visi\u00f3 global de la cura del pacient. Actualment forma part de la Unitat de Nutrici\u00f3 de Neolife a Barcelona. \n\t\t\t\t\t\t<\/div>\n\t\t\t\t\t\n\t\t\t\t\t\t\t\t<\/div>\n\t\t<\/div>\n\t\t<\/div>\n\t\t<\/div>\n\t\t\t\t\t\t<\/div>\n\t\t\t\t<\/div>\n\t\t\t\t<div class=\"elementor-element elementor-element-2b1eef1 elementor-flip-box--direction-right team-card elementor-flip-box--effect-flip elementor-widget elementor-widget-flip-box\" data-id=\"2b1eef1\" data-element_type=\"widget\" data-widget_type=\"flip-box.default\">\n\t\t\t\t<div class=\"elementor-widget-container\">\n\t\t\t\t\t\t\t<div class=\"elementor-flip-box\" tabindex=\"0\">\n\t\t\t<div class=\"elementor-flip-box__layer elementor-flip-box__front\">\n\t\t\t\t<div class=\"elementor-flip-box__layer__overlay\">\n\t\t\t\t\t<div class=\"elementor-flip-box__layer__inner\">\n\t\t\t\t\t\t\n\t\t\t\t\t\t\t\t\t\t\t\t\t<h3 class=\"elementor-flip-box__layer__title\">\n\t\t\t\t\t\t\t\tMar\u00eda Ponce\t\t\t\t\t\t\t<\/h3>\n\t\t\t\t\t\t\n\t\t\t\t\t\t\t\t\t\t\t\t\t<div class=\"elementor-flip-box__layer__description\">\n\t\t\t\t\t\t\t\tEquip d\u2019Infermeria Neolife\t\t\t\t\t\t\t<\/div>\n\t\t\t\t\t\t\t\t\t\t\t<\/div>\n\t\t\t\t<\/div>\n\t\t\t<\/div>\n\t\t\t<div class=\"elementor-flip-box__layer elementor-flip-box__back\">\n\t\t\t<div class=\"elementor-flip-box__layer__overlay\">\n\t\t\t\t<div class=\"elementor-flip-box__layer__inner\">\n\t\t\t\t\t\n\t\t\t\t\t\t\t\t\t\t\t<div class=\"elementor-flip-box__layer__description\">\n\t\t\t\t\t\t\tLa Mar\u00eda \u00e9s infermera especialitzada en salut integral. Graduada a la Facultat d\u2019Infermeria de M\u00e0laga, compta amb experi\u00e8ncia en diferents serveis hospitalaris i en cl\u00edniques especialitzades en medicina est\u00e8tica, fet que li ha proporcionat una base s\u00f2lida i un profund coneixement en la cura integral del pacient. \n<br><br>T\u00e9 formaci\u00f3 especialitzada en salut mental i benestar, essencial per proporcionar una atenci\u00f3 global centrada en la prevenci\u00f3 de problemes de salut.\n<br><br>Actualment forma part de l\u2019equip de Neolife, on aplica un enfocament basat en la medicina preventiva i la cura integral de la salut.\t\t\t\t\t\t<\/div>\n\t\t\t\t\t\n\t\t\t\t\t\t\t\t<\/div>\n\t\t<\/div>\n\t\t<\/div>\n\t\t<\/div>\n\t\t\t\t\t\t<\/div>\n\t\t\t\t<\/div>\n\t\t\t\t\t<\/div>\n\t\t<\/div>\n\t\t\t\t<div class=\"elementor-column elementor-col-33 elementor-inner-column elementor-element elementor-element-f6c1d52\" data-id=\"f6c1d52\" data-element_type=\"column\">\n\t\t\t<div class=\"elementor-widget-wrap elementor-element-populated\">\n\t\t\t\t\t\t<div class=\"elementor-element elementor-element-47ca8c4 elementor-flip-box--direction-right team-card elementor-flip-box--effect-flip elementor-widget elementor-widget-flip-box\" data-id=\"47ca8c4\" data-element_type=\"widget\" data-widget_type=\"flip-box.default\">\n\t\t\t\t<div class=\"elementor-widget-container\">\n\t\t\t\t\t\t\t<div class=\"elementor-flip-box\" tabindex=\"0\">\n\t\t\t<div class=\"elementor-flip-box__layer elementor-flip-box__front\">\n\t\t\t\t<div class=\"elementor-flip-box__layer__overlay\">\n\t\t\t\t\t<div class=\"elementor-flip-box__layer__inner\">\n\t\t\t\t\t\t\n\t\t\t\t\t\t\t\t\t\t\t\t\t<h3 class=\"elementor-flip-box__layer__title\">\n\t\t\t\t\t\t\t\tDra. Minguito \t\t\t\t\t\t\t<\/h3>\n\t\t\t\t\t\t\n\t\t\t\t\t\t\t\t\t\t\t\t\t<div class=\"elementor-flip-box__layer__description\">\n\t\t\t\t\t\t\t\tEquip M\u00e8dic Neolife\t\t\t\t\t\t\t<\/div>\n\t\t\t\t\t\t\t\t\t\t\t<\/div>\n\t\t\t\t<\/div>\n\t\t\t<\/div>\n\t\t\t<div class=\"elementor-flip-box__layer elementor-flip-box__back\">\n\t\t\t<div class=\"elementor-flip-box__layer__overlay\">\n\t\t\t\t<div class=\"elementor-flip-box__layer__inner\">\n\t\t\t\t\t\n\t\t\t\t\t\t\t\t\t\t\t<div class=\"elementor-flip-box__layer__description\">\n\t\t\t\t\t\t\tLa Dra. Minguito \u00e9s llicenciada en Medicina i Cirurgia per la Universitat Aut\u00f2noma de Madrid (UAM) i es va especialitzar en Medicina Interna l\u2019any 2012.  Posteriorment, va obtenir el Doctorat en Medicina per la UAM el 2015 (amb qualificaci\u00f3 excel\u00b7lent cum laude) i ha completat la seva formaci\u00f3 amb diversos m\u00e0sters en medicina integrativa, malaltia cardiovascular i acupuntura. \n\n<br><br>Compta amb m\u00e9s de 10 anys d\u2019experi\u00e8ncia en consulta de Medicina Interna i en serveis d\u2019Urg\u00e8ncies, fet que li ha perm\u00e8s desenvolupar una visi\u00f3 integral del pacient, abordant tant patologies complexes com malalties cr\u00f2niques i agudes.\n\n<br><br>En els darrers anys, tant com a metgessa internista com a nivell personal (\u00e9s una entusiasta de l\u2019esport), ha anat mostrant un inter\u00e8s progressiu en l\u2019Age Management Medicine, fins a formar part de l\u2019equip m\u00e8dic de Neolife Madrid.\t\t\t\t\t\t<\/div>\n\t\t\t\t\t\n\t\t\t\t\t\t\t\t<\/div>\n\t\t<\/div>\n\t\t<\/div>\n\t\t<\/div>\n\t\t\t\t\t\t<\/div>\n\t\t\t\t<\/div>\n\t\t\t\t<div class=\"elementor-element elementor-element-758b072 elementor-flip-box--direction-right team-card elementor-flip-box--effect-flip elementor-widget elementor-widget-flip-box\" data-id=\"758b072\" data-element_type=\"widget\" data-widget_type=\"flip-box.default\">\n\t\t\t\t<div class=\"elementor-widget-container\">\n\t\t\t\t\t\t\t<div class=\"elementor-flip-box\" tabindex=\"0\">\n\t\t\t<div class=\"elementor-flip-box__layer elementor-flip-box__front\">\n\t\t\t\t<div class=\"elementor-flip-box__layer__overlay\">\n\t\t\t\t\t<div class=\"elementor-flip-box__layer__inner\">\n\t\t\t\t\t\t\n\t\t\t\t\t\t\t\t\t\t\t\t\t<h3 class=\"elementor-flip-box__layer__title\">\n\t\t\t\t\t\t\t\tDra. L\u00f3pez Tom\u00e1s \t\t\t\t\t\t\t<\/h3>\n\t\t\t\t\t\t\n\t\t\t\t\t\t\t\t\t\t\t\t\t<div class=\"elementor-flip-box__layer__description\">\n\t\t\t\t\t\t\t\tEquip M\u00e8dic Neolife\t\t\t\t\t\t\t<\/div>\n\t\t\t\t\t\t\t\t\t\t\t<\/div>\n\t\t\t\t<\/div>\n\t\t\t<\/div>\n\t\t\t<div class=\"elementor-flip-box__layer elementor-flip-box__back\">\n\t\t\t<div class=\"elementor-flip-box__layer__overlay\">\n\t\t\t\t<div class=\"elementor-flip-box__layer__inner\">\n\t\t\t\t\t\n\t\t\t\t\t\t\t\t\t\t\t<div class=\"elementor-flip-box__layer__description\">\n\t\t\t\t\t\t\tLa Dra. L\u00f3pez Tom\u00e1s ha orientat la seva carrera en els darrers anys cap a la medicina preventiva i l\u2019acompanyament integral del pacient, realitzant un M\u00e0ster en Medicina Est\u00e8tica, Nutrici\u00f3 i Antienvelliment. \n\n<br><br>Actualment \u00e9s membre de l\u2019equip m\u00e8dic de Neolife Madrid, aportant una visi\u00f3 global basada en la seva s\u00f2lida experi\u00e8ncia en Medicina de Fam\u00edlia, innovaci\u00f3 en salut digital i promoci\u00f3 d\u2019h\u00e0bits de vida saludables.\n\n<br><br>\u00c9s llicenciada en Medicina i Cirurgia per la Universitat Aut\u00f2noma de Madrid i especialista via MIR en Medicina Familiar i Comunit\u00e0ria (Hospital Universitari La Paz). Compta amb formaci\u00f3 de postgrau en Coaching Personal i Executiu. Ha desenvolupat la seva traject\u00f2ria en atenci\u00f3 prim\u00e0ria, programes de medicina personalitzada i telemedicina, aix\u00ed com en prevenci\u00f3 i promoci\u00f3 de la salut a l\u2019AECC. A m\u00e9s, ha participat en activitats docents i divulgatives.   \t\t\t\t\t\t<\/div>\n\t\t\t\t\t\n\t\t\t\t\t\t\t\t<\/div>\n\t\t<\/div>\n\t\t<\/div>\n\t\t<\/div>\n\t\t\t\t\t\t<\/div>\n\t\t\t\t<\/div>\n\t\t\t\t<div class=\"elementor-element elementor-element-81f58a9 elementor-flip-box--direction-right team-card elementor-flip-box--effect-flip elementor-widget elementor-widget-flip-box\" data-id=\"81f58a9\" data-element_type=\"widget\" data-widget_type=\"flip-box.default\">\n\t\t\t\t<div class=\"elementor-widget-container\">\n\t\t\t\t\t\t\t<div class=\"elementor-flip-box\" tabindex=\"0\">\n\t\t\t<div class=\"elementor-flip-box__layer elementor-flip-box__front\">\n\t\t\t\t<div class=\"elementor-flip-box__layer__overlay\">\n\t\t\t\t\t<div class=\"elementor-flip-box__layer__inner\">\n\t\t\t\t\t\t\n\t\t\t\t\t\t\t\t\t\t\t\t\t<h3 class=\"elementor-flip-box__layer__title\">\n\t\t\t\t\t\t\t\tJosana Librelotto\t\t\t\t\t\t\t<\/h3>\n\t\t\t\t\t\t\n\t\t\t\t\t\t\t\t\t\t\t\t\t<div class=\"elementor-flip-box__layer__description\">\n\t\t\t\t\t\t\t\tEquip d\u2019Infermeria Neolife\t\t\t\t\t\t\t<\/div>\n\t\t\t\t\t\t\t\t\t\t\t<\/div>\n\t\t\t\t<\/div>\n\t\t\t<\/div>\n\t\t\t<div class=\"elementor-flip-box__layer elementor-flip-box__back\">\n\t\t\t<div class=\"elementor-flip-box__layer__overlay\">\n\t\t\t\t<div class=\"elementor-flip-box__layer__inner\">\n\t\t\t\t\t\n\t\t\t\t\t\t\t\t\t\t\t<div class=\"elementor-flip-box__layer__description\">\n\t\t\t\t\t\t\tLa Josana Librelotto \u00e9s dietista-nutricionista especialitzada en nutrici\u00f3 funcional, risc cardiovascular i optimitzaci\u00f3 metab\u00f2lica. Amb m\u00e9s de 20 anys d\u2019experi\u00e8ncia en nutrici\u00f3 cl\u00ednica, desenvolupa un abordatge avan\u00e7at, personalitzat i basat en l\u2019evid\u00e8ncia cient\u00edfica, orientat a la prevenci\u00f3 i a una longevitat saludable. \n<br><br>\nAl llarg de la seva traject\u00f2ria ha participat en projectes de recerca nacionals i internacionals sobre nutrici\u00f3 i malaltia cardiovascular, col\u00b7laborant amb entorns universitaris en l\u2019estudi del metabolisme lip\u00eddic, la inflamaci\u00f3, la gen\u00e8tica i els aliments funcionals, traslladant el coneixement cient\u00edfic a la pr\u00e0ctica cl\u00ednica d\u2019alta precisi\u00f3.\n<br><br>\nDisposa de dos m\u00e0sters en Nutrici\u00f3 Funcional i formaci\u00f3 doctoral en Nutrici\u00f3 i Diet\u00e8tica, amb l\u2019obtenci\u00f3 del Diploma d\u2019Estudis Avan\u00e7ats (DEA). \u00c9s autora de publicacions cient\u00edfiques en revistes internacionals indexades d\u2019alt impacte com European Journal of Clinical Nutrition, Journal of Nutrition, Public Health Nutrition i Atherosclerosis Supplements. \n<br><br>\nEl seu perfil combina una experi\u00e8ncia cl\u00ednica consolidada, recerca aplicada i an\u00e0lisi bioqu\u00edmica avan\u00e7ada, posicionant-se com a referent en nutrici\u00f3 preventiva i optimitzaci\u00f3 metab\u00f2lica.\t\t\t\t\t\t<\/div>\n\t\t\t\t\t\n\t\t\t\t\t\t\t\t<\/div>\n\t\t<\/div>\n\t\t<\/div>\n\t\t<\/div>\n\t\t\t\t\t\t<\/div>\n\t\t\t\t<\/div>\n\t\t\t\t<div class=\"elementor-element elementor-element-4f83ed0 elementor-flip-box--direction-right team-card elementor-flip-box--effect-flip elementor-widget elementor-widget-flip-box\" data-id=\"4f83ed0\" data-element_type=\"widget\" data-widget_type=\"flip-box.default\">\n\t\t\t\t<div class=\"elementor-widget-container\">\n\t\t\t\t\t\t\t<div class=\"elementor-flip-box\" tabindex=\"0\">\n\t\t\t<div class=\"elementor-flip-box__layer elementor-flip-box__front\">\n\t\t\t\t<div class=\"elementor-flip-box__layer__overlay\">\n\t\t\t\t\t<div class=\"elementor-flip-box__layer__inner\">\n\t\t\t\t\t\t\n\t\t\t\t\t\t\t\t\t\t\t\t\t<h3 class=\"elementor-flip-box__layer__title\">\n\t\t\t\t\t\t\t\tAna Costas\t\t\t\t\t\t\t<\/h3>\n\t\t\t\t\t\t\n\t\t\t\t\t\t\t\t\t\t\t\t\t<div class=\"elementor-flip-box__layer__description\">\n\t\t\t\t\t\t\t\tEquip de Nutrici\u00f3 Neolife\t\t\t\t\t\t\t<\/div>\n\t\t\t\t\t\t\t\t\t\t\t<\/div>\n\t\t\t\t<\/div>\n\t\t\t<\/div>\n\t\t\t<div class=\"elementor-flip-box__layer elementor-flip-box__back\">\n\t\t\t<div class=\"elementor-flip-box__layer__overlay\">\n\t\t\t\t<div class=\"elementor-flip-box__layer__inner\">\n\t\t\t\t\t\n\t\t\t\t\t\t\t\t\t\t\t<div class=\"elementor-flip-box__layer__description\">\n\t\t\t\t\t\t\tL\u2019Ana \u00e9s infermera amb 11 anys d\u2019experi\u00e8ncia en l\u2019\u00e0mbit hospitalari i assistencial. Ha treballat a l\u2019UCI i a Urg\u00e8ncies, inclosa l\u2019etapa de la COVID-19, on va desenvolupar una s\u00f2lida capacitat de treball en equip, organitzaci\u00f3 i atenci\u00f3 a pacients en situacions d\u2019alta complexitat. <br><br>\nEEn els darrers anys ha orientat la seva traject\u00f2ria cap a la medicina est\u00e8tica, la laserter\u00e0pia i la sueroter\u00e0pia intravenosa, combinant la seva experi\u00e8ncia cl\u00ednica amb un enfocament m\u00e9s personalitzat de la cura.<br><br>\nCompta amb un M\u00e0ster en Medicina Est\u00e8tica i Dermopigmentaci\u00f3 Oncol\u00f2gica, aix\u00ed com formaci\u00f3 espec\u00edfica en medicina est\u00e8tica per a infermeria. La seva prioritat \u00e9s sempre la seguretat del pacient, una atenci\u00f3 propera i una cura adaptada a cada persona. <br><br>\nActualment forma part de l\u2019equip de Neolife, on aposta per un enfocament integral centrat en la prevenci\u00f3 i el benestar.\t\t\t\t\t\t<\/div>\n\t\t\t\t\t\n\t\t\t\t\t\t\t\t<\/div>\n\t\t<\/div>\n\t\t<\/div>\n\t\t<\/div>\n\t\t\t\t\t\t<\/div>\n\t\t\t\t<\/div>\n\t\t\t\t\t<\/div>\n\t\t<\/div>\n\t\t\t\t<div class=\"elementor-column elementor-col-33 elementor-inner-column elementor-element elementor-element-e04a084\" data-id=\"e04a084\" data-element_type=\"column\">\n\t\t\t<div class=\"elementor-widget-wrap elementor-element-populated\">\n\t\t\t\t\t\t<div class=\"elementor-element elementor-element-f282daf elementor-flip-box--direction-right team-card elementor-flip-box--effect-flip elementor-widget elementor-widget-flip-box\" data-id=\"f282daf\" data-element_type=\"widget\" data-widget_type=\"flip-box.default\">\n\t\t\t\t<div class=\"elementor-widget-container\">\n\t\t\t\t\t\t\t<div class=\"elementor-flip-box\" tabindex=\"0\">\n\t\t\t<div class=\"elementor-flip-box__layer elementor-flip-box__front\">\n\t\t\t\t<div class=\"elementor-flip-box__layer__overlay\">\n\t\t\t\t\t<div class=\"elementor-flip-box__layer__inner\">\n\t\t\t\t\t\t\n\t\t\t\t\t\t\t\t\t\t\t\t\t<h3 class=\"elementor-flip-box__layer__title\">\n\t\t\t\t\t\t\t\tDra. Trivi\u00f1o \t\t\t\t\t\t\t<\/h3>\n\t\t\t\t\t\t\n\t\t\t\t\t\t\t\t\t\t\t\t\t<div class=\"elementor-flip-box__layer__description\">\n\t\t\t\t\t\t\t\tEquip M\u00e8dic Neolife\t\t\t\t\t\t\t<\/div>\n\t\t\t\t\t\t\t\t\t\t\t<\/div>\n\t\t\t\t<\/div>\n\t\t\t<\/div>\n\t\t\t<div class=\"elementor-flip-box__layer elementor-flip-box__back\">\n\t\t\t<div class=\"elementor-flip-box__layer__overlay\">\n\t\t\t\t<div class=\"elementor-flip-box__layer__inner\">\n\t\t\t\t\t\n\t\t\t\t\t\t\t\t\t\t\t<div class=\"elementor-flip-box__layer__description\">\n\t\t\t\t\t\t\tLa Dra. Trivi\u00f1o ha orientat la seva carrera en els darrers anys cap a l\u2019Age Management Medicine, exercint actualment un paper clau en l\u2019equip m\u00e8dic de Neolife Barcelona, on aplica un enfocament preventiu i personalitzat per optimitzar la salut a llarg termini. \n<br><br>\u00c9s metgessa especialista en Medicina del Treball i compta amb dos m\u00e0sters: un en Atenci\u00f3 al Pacient Cr\u00edtic i un altre en Medicina Est\u00e8tica i Benestar, fet que li aporta una visi\u00f3 integral de la prevenci\u00f3, el rendiment i la qualitat de vida del pacient adult.\n<br><br>Acumula m\u00e9s de 20 anys d\u2019experi\u00e8ncia en medicina preventiva centrada en l\u2019\u00e0mbit de la salut laboral, estudiant les limitacions de les persones per desenvolupar de manera efectiva la seva feina, ja siguin limitacions f\u00edsiques, ps\u00edquiques o relacionades amb l\u2019edat i l\u2019envelliment. Sempre ha compaginat la medicina preventiva amb la medicina d\u2019Urg\u00e8ncies i l\u2019atenci\u00f3 prim\u00e0ria, fet que li ha perm\u00e8s desenvolupar habilitats per al maneig i l\u2019enfocament de la prevenci\u00f3 de malalties associades a l\u2019edat i la promoci\u00f3 de la salut. \t\t\t\t\t\t<\/div>\n\t\t\t\t\t\n\t\t\t\t\t\t\t\t<\/div>\n\t\t<\/div>\n\t\t<\/div>\n\t\t<\/div>\n\t\t\t\t\t\t<\/div>\n\t\t\t\t<\/div>\n\t\t\t\t<div class=\"elementor-element elementor-element-3dfffac elementor-flip-box--direction-right team-card elementor-flip-box--effect-flip elementor-widget elementor-widget-flip-box\" data-id=\"3dfffac\" data-element_type=\"widget\" data-widget_type=\"flip-box.default\">\n\t\t\t\t<div class=\"elementor-widget-container\">\n\t\t\t\t\t\t\t<div class=\"elementor-flip-box\" tabindex=\"0\">\n\t\t\t<div class=\"elementor-flip-box__layer elementor-flip-box__front\">\n\t\t\t\t<div class=\"elementor-flip-box__layer__overlay\">\n\t\t\t\t\t<div class=\"elementor-flip-box__layer__inner\">\n\t\t\t\t\t\t\n\t\t\t\t\t\t\t\t\t\t\t\t\t<h3 class=\"elementor-flip-box__layer__title\">\n\t\t\t\t\t\t\t\tAdriana Mart\u00edn\t\t\t\t\t\t\t<\/h3>\n\t\t\t\t\t\t\n\t\t\t\t\t\t\t\t\t\t\t\t\t<div class=\"elementor-flip-box__layer__description\">\n\t\t\t\t\t\t\t\tEquip de Nutrici\u00f3 Neolife\t\t\t\t\t\t\t<\/div>\n\t\t\t\t\t\t\t\t\t\t\t<\/div>\n\t\t\t\t<\/div>\n\t\t\t<\/div>\n\t\t\t<div class=\"elementor-flip-box__layer elementor-flip-box__back\">\n\t\t\t<div class=\"elementor-flip-box__layer__overlay\">\n\t\t\t\t<div class=\"elementor-flip-box__layer__inner\">\n\t\t\t\t\t\n\t\t\t\t\t\t\t\t\t\t\t<div class=\"elementor-flip-box__layer__description\">\n\t\t\t\t\t\t\tL\u2019Adriana \u00e9s Dietista-Nutricionista amb formaci\u00f3 internacional i una visi\u00f3 integradora de la salut. Es va graduar a la Universitat Complutense de Madrid i va continuar la seva formaci\u00f3 a Austr\u00e0lia, on va cursar un M\u00e0ster en Salut P\u00fablica amb especialitzaci\u00f3 en nutrici\u00f3 i vida activa. \n<br><br>Compta amb experi\u00e8ncia cl\u00ednica i esportiva, aix\u00ed com en l\u2019abordatge nutricional de patologies digestives i l\u2019equilibri de la microbiota intestinal. La seva traject\u00f2ria sempre ha estat vinculada a equips multidisciplinaris, treballant de manera coordinada per aconseguir un impacte real i durador en la salut dels seus pacients. \n<br><br>Actualment forma part de la Unitat de Nutrici\u00f3 de Neolife.\t\t\t\t\t\t<\/div>\n\t\t\t\t\t\n\t\t\t\t\t\t\t\t<\/div>\n\t\t<\/div>\n\t\t<\/div>\n\t\t<\/div>\n\t\t\t\t\t\t<\/div>\n\t\t\t\t<\/div>\n\t\t\t\t<div class=\"elementor-element elementor-element-ea55e8f elementor-flip-box--direction-right team-card elementor-flip-box--effect-flip elementor-widget elementor-widget-flip-box\" data-id=\"ea55e8f\" data-element_type=\"widget\" data-widget_type=\"flip-box.default\">\n\t\t\t\t<div class=\"elementor-widget-container\">\n\t\t\t\t\t\t\t<div class=\"elementor-flip-box\" tabindex=\"0\">\n\t\t\t<div class=\"elementor-flip-box__layer elementor-flip-box__front\">\n\t\t\t\t<div class=\"elementor-flip-box__layer__overlay\">\n\t\t\t\t\t<div class=\"elementor-flip-box__layer__inner\">\n\t\t\t\t\t\t\n\t\t\t\t\t\t\t\t\t\t\t\t\t<h3 class=\"elementor-flip-box__layer__title\">\n\t\t\t\t\t\t\t\tAmelia Serrano\t\t\t\t\t\t\t<\/h3>\n\t\t\t\t\t\t\n\t\t\t\t\t\t\t\t\t\t\t\t\t<div class=\"elementor-flip-box__layer__description\">\n\t\t\t\t\t\t\t\tEquip d\u2019Infermeria Neolife\t\t\t\t\t\t\t<\/div>\n\t\t\t\t\t\t\t\t\t\t\t<\/div>\n\t\t\t\t<\/div>\n\t\t\t<\/div>\n\t\t\t<div class=\"elementor-flip-box__layer elementor-flip-box__back\">\n\t\t\t<div class=\"elementor-flip-box__layer__overlay\">\n\t\t\t\t<div class=\"elementor-flip-box__layer__inner\">\n\t\t\t\t\t\n\t\t\t\t\t\t\t\t\t\t\t<div class=\"elementor-flip-box__layer__description\">\n\t\t\t\t\t\t\tL\u2019Amelia \u00e9s infermera especialitzada en salut integrativa. Diplomada Universit\u00e0ria en Infermeria per la Universitat de Barcelona. \n<br><br>L\u2019Amelia \u00e9s infermera amb una \u00e0mplia traject\u00f2ria en l\u2019\u00e0mbit cl\u00ednic, amb especial inter\u00e8s en la salut integrativa i el benestar global del pacient.\n<br><br>La seva formaci\u00f3 en emerg\u00e8ncies, salut preventiva i infermeria dermoest\u00e8tica li permet oferir una atenci\u00f3 hol\u00edstica, centrada tant en la salut com en la qualitat de vida. Ha treballat en cl\u00edniques especialitzades en medicina est\u00e8tica, cirurgia pl\u00e0stica i prevenci\u00f3 de malalties de transmissi\u00f3 sexual. \n<br><br>Actualment forma part de l\u2019equip de Neolife, on aplica un enfocament basat en la medicina preventiva i la cura integral de la salut.\t\t\t\t\t\t<\/div>\n\t\t\t\t\t\n\t\t\t\t\t\t\t\t<\/div>\n\t\t<\/div>\n\t\t<\/div>\n\t\t<\/div>\n\t\t\t\t\t\t<\/div>\n\t\t\t\t<\/div>\n\t\t\t\t<div class=\"elementor-element elementor-element-ee45285 elementor-flip-box--direction-right team-card elementor-flip-box--effect-flip elementor-widget elementor-widget-flip-box\" data-id=\"ee45285\" data-element_type=\"widget\" data-widget_type=\"flip-box.default\">\n\t\t\t\t<div class=\"elementor-widget-container\">\n\t\t\t\t\t\t\t<div class=\"elementor-flip-box\" tabindex=\"0\">\n\t\t\t<div class=\"elementor-flip-box__layer elementor-flip-box__front\">\n\t\t\t\t<div class=\"elementor-flip-box__layer__overlay\">\n\t\t\t\t\t<div class=\"elementor-flip-box__layer__inner\">\n\t\t\t\t\t\t\n\t\t\t\t\t\t\t\t\t\t\t\t\t<h3 class=\"elementor-flip-box__layer__title\">\n\t\t\t\t\t\t\t\tMar\u00eda Cabal\t\t\t\t\t\t\t<\/h3>\n\t\t\t\t\t\t\n\t\t\t\t\t\t\t\t\t\t\t\t\t<div class=\"elementor-flip-box__layer__description\">\n\t\t\t\t\t\t\t\tMedical Assistant &amp; Atenci\u00f3 al Client\t\t\t\t\t\t\t<\/div>\n\t\t\t\t\t\t\t\t\t\t\t<\/div>\n\t\t\t\t<\/div>\n\t\t\t<\/div>\n\t\t\t<div class=\"elementor-flip-box__layer elementor-flip-box__back\">\n\t\t\t<div class=\"elementor-flip-box__layer__overlay\">\n\t\t\t\t<div class=\"elementor-flip-box__layer__inner\">\n\t\t\t\t\t\n\t\t\t\t\t\t\t\t\t\t\t<div class=\"elementor-flip-box__layer__description\">\n\t\t\t\t\t\t\tLa Mar\u00eda \u00e9s graduada en Auxiliar d\u2019Infermeria a ESSAT. T\u00e9 una \u00e0mplia traject\u00f2ria en administraci\u00f3 i atenci\u00f3 al client i est\u00e0 compromesa amb la satisfacci\u00f3 i el benestar del pacient. En constant evoluci\u00f3 i amb ganes d\u2019aprendre i millorar cada dia.  \t\t\t\t\t\t<\/div>\n\t\t\t\t\t\n\t\t\t\t\t\t\t\t<\/div>\n\t\t<\/div>\n\t\t<\/div>\n\t\t<\/div>\n\t\t\t\t\t\t<\/div>\n\t\t\t\t<\/div>\n\t\t\t\t\t<\/div>\n\t\t<\/div>\n\t\t\t\t\t<\/div>\n\t\t<\/section>\n\t\t\t\t<section class=\"elementor-section elementor-inner-section elementor-element elementor-element-39efd6a elementor-section-full_width elementor-section-height-default elementor-section-height-default\" data-id=\"39efd6a\" data-element_type=\"section\">\n\t\t\t\t\t\t<div class=\"elementor-container elementor-column-gap-default\">\n\t\t\t\t\t<div class=\"elementor-column elementor-col-33 elementor-inner-column elementor-element elementor-element-6ed329a\" data-id=\"6ed329a\" data-element_type=\"column\">\n\t\t\t<div class=\"elementor-widget-wrap\">\n\t\t\t\t\t\t\t<\/div>\n\t\t<\/div>\n\t\t\t\t<div class=\"elementor-column elementor-col-33 elementor-inner-column elementor-element elementor-element-192226a\" data-id=\"192226a\" data-element_type=\"column\">\n\t\t\t<div class=\"elementor-widget-wrap\">\n\t\t\t\t\t\t\t<\/div>\n\t\t<\/div>\n\t\t\t\t<div class=\"elementor-column elementor-col-33 elementor-inner-column elementor-element elementor-element-13f77be\" data-id=\"13f77be\" data-element_type=\"column\">\n\t\t\t<div class=\"elementor-widget-wrap\">\n\t\t\t\t\t\t\t<\/div>\n\t\t<\/div>\n\t\t\t\t\t<\/div>\n\t\t<\/section>\n\t\t\t\t<section class=\"elementor-section elementor-inner-section elementor-element elementor-element-e229264 elementor-section-full_width elementor-section-height-default elementor-section-height-default\" data-id=\"e229264\" data-element_type=\"section\">\n\t\t\t\t\t\t<div class=\"elementor-container elementor-column-gap-default\">\n\t\t\t\t\t<div class=\"elementor-column elementor-col-33 elementor-inner-column elementor-element elementor-element-fbbe575\" data-id=\"fbbe575\" data-element_type=\"column\">\n\t\t\t<div class=\"elementor-widget-wrap\">\n\t\t\t\t\t\t\t<\/div>\n\t\t<\/div>\n\t\t\t\t<div class=\"elementor-column elementor-col-33 elementor-inner-column elementor-element elementor-element-680a079\" data-id=\"680a079\" data-element_type=\"column\">\n\t\t\t<div class=\"elementor-widget-wrap\">\n\t\t\t\t\t\t\t<\/div>\n\t\t<\/div>\n\t\t\t\t<div class=\"elementor-column elementor-col-33 elementor-inner-column elementor-element elementor-element-26b5b36\" data-id=\"26b5b36\" data-element_type=\"column\">\n\t\t\t<div class=\"elementor-widget-wrap\">\n\t\t\t\t\t\t\t<\/div>\n\t\t<\/div>\n\t\t\t\t\t<\/div>\n\t\t<\/section>\n\t\t\t\t<section class=\"elementor-section elementor-inner-section elementor-element elementor-element-4c679aa elementor-section-full_width elementor-section-height-default elementor-section-height-default\" data-id=\"4c679aa\" data-element_type=\"section\">\n\t\t\t\t\t\t<div class=\"elementor-container elementor-column-gap-default\">\n\t\t\t\t\t<div class=\"elementor-column elementor-col-33 elementor-inner-column elementor-element elementor-element-535d00d\" data-id=\"535d00d\" data-element_type=\"column\">\n\t\t\t<div class=\"elementor-widget-wrap elementor-element-populated\">\n\t\t\t\t\t\t<div class=\"elementor-element elementor-element-e58c6fe elementor-flip-box--direction-right team-card elementor-flip-box--effect-flip elementor-widget elementor-widget-flip-box\" data-id=\"e58c6fe\" data-element_type=\"widget\" data-widget_type=\"flip-box.default\">\n\t\t\t\t<div class=\"elementor-widget-container\">\n\t\t\t\t\t\t\t<div class=\"elementor-flip-box\" tabindex=\"0\">\n\t\t\t<div class=\"elementor-flip-box__layer elementor-flip-box__front\">\n\t\t\t\t<div class=\"elementor-flip-box__layer__overlay\">\n\t\t\t\t\t<div class=\"elementor-flip-box__layer__inner\">\n\t\t\t\t\t\t\n\t\t\t\t\t\t\t\t\t\t\t\t\t<h3 class=\"elementor-flip-box__layer__title\">\n\t\t\t\t\t\t\t\tAdriana Naranjo\t\t\t\t\t\t\t<\/h3>\n\t\t\t\t\t\t\n\t\t\t\t\t\t\t\t\t\t\t\t\t<div class=\"elementor-flip-box__layer__description\">\n\t\t\t\t\t\t\t\tMedical Assistant &amp; Atenci\u00f3 al Client\t\t\t\t\t\t\t<\/div>\n\t\t\t\t\t\t\t\t\t\t\t<\/div>\n\t\t\t\t<\/div>\n\t\t\t<\/div>\n\t\t\t<div class=\"elementor-flip-box__layer elementor-flip-box__back\">\n\t\t\t<div class=\"elementor-flip-box__layer__overlay\">\n\t\t\t\t<div class=\"elementor-flip-box__layer__inner\">\n\t\t\t\t\t\n\t\t\t\t\t\t\t\t\t\t\t<div class=\"elementor-flip-box__layer__description\">\n\t\t\t\t\t\t\tL\u2019Adriana \u00e9s especialista en Comunicaci\u00f3 de l\u2019\u00e0mbit sanitari. Al llarg de la seva carrera ha enriquit els seus coneixements al servei dels pacients i del personal m\u00e8dic, impulsant millores constants en la qualitat de l\u2019atenci\u00f3. \t\t\t\t\t\t<\/div>\n\t\t\t\t\t\n\t\t\t\t\t\t\t\t<\/div>\n\t\t<\/div>\n\t\t<\/div>\n\t\t<\/div>\n\t\t\t\t\t\t<\/div>\n\t\t\t\t<\/div>\n\t\t\t\t\t<\/div>\n\t\t<\/div>\n\t\t\t\t<div class=\"elementor-column elementor-col-33 elementor-inner-column elementor-element elementor-element-9a58908\" data-id=\"9a58908\" data-element_type=\"column\">\n\t\t\t<div class=\"elementor-widget-wrap elementor-element-populated\">\n\t\t\t\t\t\t<div class=\"elementor-element elementor-element-14631b6 elementor-flip-box--direction-right team-card elementor-flip-box--effect-flip elementor-widget elementor-widget-flip-box\" data-id=\"14631b6\" data-element_type=\"widget\" data-widget_type=\"flip-box.default\">\n\t\t\t\t<div class=\"elementor-widget-container\">\n\t\t\t\t\t\t\t<div class=\"elementor-flip-box\" tabindex=\"0\">\n\t\t\t<div class=\"elementor-flip-box__layer elementor-flip-box__front\">\n\t\t\t\t<div class=\"elementor-flip-box__layer__overlay\">\n\t\t\t\t\t<div class=\"elementor-flip-box__layer__inner\">\n\t\t\t\t\t\t\n\t\t\t\t\t\t\t\t\t\t\t\t\t<h3 class=\"elementor-flip-box__layer__title\">\n\t\t\t\t\t\t\t\tPatricia S\u00e1nchez\t\t\t\t\t\t\t<\/h3>\n\t\t\t\t\t\t\n\t\t\t\t\t\t\t\t\t\t\t\t\t<div class=\"elementor-flip-box__layer__description\">\n\t\t\t\t\t\t\t\tMedical Assistant &amp; Atenci\u00f3 al Client\t\t\t\t\t\t\t<\/div>\n\t\t\t\t\t\t\t\t\t\t\t<\/div>\n\t\t\t\t<\/div>\n\t\t\t<\/div>\n\t\t\t<div class=\"elementor-flip-box__layer elementor-flip-box__back\">\n\t\t\t<div class=\"elementor-flip-box__layer__overlay\">\n\t\t\t\t<div class=\"elementor-flip-box__layer__inner\">\n\t\t\t\t\t\n\t\t\t\t\t\t\t\t\t\t\t<div class=\"elementor-flip-box__layer__description\">\n\t\t\t\t\t\t\tLa Patricia \u00e9s T\u00e8cnica Superior en Est\u00e8tica. Compta amb una \u00e0mplia experi\u00e8ncia en atenci\u00f3 al client en diferents \u00e0rees, oferint una experi\u00e8ncia personalitzada i satisfact\u00f2ria per als pacients. \t\t\t\t\t\t<\/div>\n\t\t\t\t\t\n\t\t\t\t\t\t\t\t<\/div>\n\t\t<\/div>\n\t\t<\/div>\n\t\t<\/div>\n\t\t\t\t\t\t<\/div>\n\t\t\t\t<\/div>\n\t\t\t\t\t<\/div>\n\t\t<\/div>\n\t\t\t\t<div class=\"elementor-column elementor-col-33 elementor-inner-column elementor-element elementor-element-95530ed\" data-id=\"95530ed\" data-element_type=\"column\">\n\t\t\t<div class=\"elementor-widget-wrap elementor-element-populated\">\n\t\t\t\t\t\t<div class=\"elementor-element elementor-element-0b03999 elementor-flip-box--direction-right team-card elementor-flip-box--effect-flip elementor-widget elementor-widget-flip-box\" data-id=\"0b03999\" data-element_type=\"widget\" data-widget_type=\"flip-box.default\">\n\t\t\t\t<div class=\"elementor-widget-container\">\n\t\t\t\t\t\t\t<div class=\"elementor-flip-box\" tabindex=\"0\">\n\t\t\t<div class=\"elementor-flip-box__layer elementor-flip-box__front\">\n\t\t\t\t<div class=\"elementor-flip-box__layer__overlay\">\n\t\t\t\t\t<div class=\"elementor-flip-box__layer__inner\">\n\t\t\t\t\t\t\n\t\t\t\t\t\t\t\t\t\t\t\t\t<h3 class=\"elementor-flip-box__layer__title\">\n\t\t\t\t\t\t\t\tNatalia Mena\t\t\t\t\t\t\t<\/h3>\n\t\t\t\t\t\t\n\t\t\t\t\t\t\t\t\t\t\t\t\t<div class=\"elementor-flip-box__layer__description\">\n\t\t\t\t\t\t\t\tMedical Assistant &amp; Atenci\u00f3 al Client\t\t\t\t\t\t\t<\/div>\n\t\t\t\t\t\t\t\t\t\t\t<\/div>\n\t\t\t\t<\/div>\n\t\t\t<\/div>\n\t\t\t<div class=\"elementor-flip-box__layer elementor-flip-box__back\">\n\t\t\t<div class=\"elementor-flip-box__layer__overlay\">\n\t\t\t\t<div class=\"elementor-flip-box__layer__inner\">\n\t\t\t\t\t\n\t\t\t\t\t\t\t\t\t\t\t<div class=\"elementor-flip-box__layer__description\">\n\t\t\t\t\t\t\tLa Natalia \u00e9s llicenciada en Publicitat i Relacions P\u00fabliques i compta amb una s\u00f2lida traject\u00f2ria en l\u2019\u00e0mbit de la comunicaci\u00f3, sempre vinculada al sector de la salut i el benestar. La seva experi\u00e8ncia li ha perm\u00e8s desenvolupar una sensibilitat especial per connectar amb les persones i comprendre les seves necessitats. \n<br><br>A Neolife, la seva prioritat \u00e9s oferir una atenci\u00f3 propera, c\u00e0lida i personalitzada. Acompanya cada pacient durant el seu proc\u00e9s de rejoveniment, prevenci\u00f3 i millora de l\u2019estil de vida, assegurant que se sentin escoltats, compresos i ben cuidats. \n<br><br>Actualment forma part de l\u2019equip de Neolife, on aplica un enfocament basat en la medicina preventiva i la cura integral de la salut.\t\t\t\t\t\t<\/div>\n\t\t\t\t\t\n\t\t\t\t\t\t\t\t<\/div>\n\t\t<\/div>\n\t\t<\/div>\n\t\t<\/div>\n\t\t\t\t\t\t<\/div>\n\t\t\t\t<\/div>\n\t\t\t\t\t<\/div>\n\t\t<\/div>\n\t\t\t\t\t<\/div>\n\t\t<\/section>\n\t\t\t\t<div class=\"elementor-element elementor-element-6f33646 elementor-widget elementor-widget-icon-box\" data-id=\"6f33646\" data-element_type=\"widget\" data-widget_type=\"icon-box.default\">\n\t\t\t\t<div class=\"elementor-widget-container\">\n\t\t\t\t\t\t\t<div class=\"elementor-icon-box-wrapper\">\n\n\t\t\t\n\t\t\t\t\t\t<div class=\"elementor-icon-box-content\">\n\n\t\t\t\t\t\t\t\t\t<h3 class=\"elementor-icon-box-title\">\n\t\t\t\t\t\t<span  >\n\t\t\t\t\t\t\tLa nostra oficina\t\t\t\t\t\t<\/span>\n\t\t\t\t\t<\/h3>\n\t\t\t\t\n\t\t\t\t\n\t\t\t<\/div>\n\t\t\t\n\t\t<\/div>\n\t\t\t\t\t\t<\/div>\n\t\t\t\t<\/div>\n\t\t\t\t<section class=\"elementor-section elementor-inner-section elementor-element elementor-element-9baa7b2 elementor-section-full_width elementor-section-height-default elementor-section-height-default\" data-id=\"9baa7b2\" data-element_type=\"section\">\n\t\t\t\t\t\t<div class=\"elementor-container elementor-column-gap-default\">\n\t\t\t\t\t<div class=\"elementor-column elementor-col-33 elementor-inner-column elementor-element elementor-element-9bd73a1\" data-id=\"9bd73a1\" data-element_type=\"column\">\n\t\t\t<div class=\"elementor-widget-wrap elementor-element-populated\">\n\t\t\t\t\t\t<div class=\"elementor-element elementor-element-c3823cf elementor-flip-box--direction-right team-card elementor-flip-box--effect-flip elementor-widget elementor-widget-flip-box\" data-id=\"c3823cf\" data-element_type=\"widget\" data-widget_type=\"flip-box.default\">\n\t\t\t\t<div class=\"elementor-widget-container\">\n\t\t\t\t\t\t\t<div class=\"elementor-flip-box\" tabindex=\"0\">\n\t\t\t<div class=\"elementor-flip-box__layer elementor-flip-box__front\">\n\t\t\t\t<div class=\"elementor-flip-box__layer__overlay\">\n\t\t\t\t\t<div class=\"elementor-flip-box__layer__inner\">\n\t\t\t\t\t\t\n\t\t\t\t\t\t\t\t\t\t\t\t\t<h3 class=\"elementor-flip-box__layer__title\">\n\t\t\t\t\t\t\t\tDiana Bulimaga\t\t\t\t\t\t\t<\/h3>\n\t\t\t\t\t\t\n\t\t\t\t\t\t\t\t\t\t\t\t\t<div class=\"elementor-flip-box__layer__description\">\n\t\t\t\t\t\t\t\tExperi\u00e8ncia de Client\t\t\t\t\t\t\t<\/div>\n\t\t\t\t\t\t\t\t\t\t\t<\/div>\n\t\t\t\t<\/div>\n\t\t\t<\/div>\n\t\t\t<div class=\"elementor-flip-box__layer elementor-flip-box__back\">\n\t\t\t<div class=\"elementor-flip-box__layer__overlay\">\n\t\t\t\t<div class=\"elementor-flip-box__layer__inner\">\n\t\t\t\t\t\n\t\t\t\t\t\t\t\t\t\t\t<div class=\"elementor-flip-box__layer__description\">\n\t\t\t\t\t\t\tLa Diana \u00e9s graduada en Turisme per la Universitat d\u2019Alacant. T\u00e9 una \u00e0mplia experi\u00e8ncia en atenci\u00f3 al client dins del sector sanitari, complint amb els alts est\u00e0ndards i expectatives dels pacients. En constant recerca de l\u2019excel\u00b7l\u00e8ncia en la gesti\u00f3 de procediments i la millora cont\u00ednua.  \t\t\t\t\t\t<\/div>\n\t\t\t\t\t\n\t\t\t\t\t\t\t\t<\/div>\n\t\t<\/div>\n\t\t<\/div>\n\t\t<\/div>\n\t\t\t\t\t\t<\/div>\n\t\t\t\t<\/div>\n\t\t\t\t\t<\/div>\n\t\t<\/div>\n\t\t\t\t<div class=\"elementor-column elementor-col-33 elementor-inner-column elementor-element elementor-element-4b3efd5\" data-id=\"4b3efd5\" data-element_type=\"column\">\n\t\t\t<div class=\"elementor-widget-wrap elementor-element-populated\">\n\t\t\t\t\t\t<div class=\"elementor-element elementor-element-cdc4088 elementor-flip-box--direction-right team-card elementor-flip-box--effect-flip elementor-widget elementor-widget-flip-box\" data-id=\"cdc4088\" data-element_type=\"widget\" data-widget_type=\"flip-box.default\">\n\t\t\t\t<div class=\"elementor-widget-container\">\n\t\t\t\t\t\t\t<div class=\"elementor-flip-box\" tabindex=\"0\">\n\t\t\t<div class=\"elementor-flip-box__layer elementor-flip-box__front\">\n\t\t\t\t<div class=\"elementor-flip-box__layer__overlay\">\n\t\t\t\t\t<div class=\"elementor-flip-box__layer__inner\">\n\t\t\t\t\t\t\n\t\t\t\t\t\t\t\t\t\t\t\t\t<h3 class=\"elementor-flip-box__layer__title\">\n\t\t\t\t\t\t\t\tDesiree Rodr\u00edguez\t\t\t\t\t\t\t<\/h3>\n\t\t\t\t\t\t\n\t\t\t\t\t\t\t\t\t\t\t\t\t<div class=\"elementor-flip-box__layer__description\">\n\t\t\t\t\t\t\t\tGerent de Cl\u00edniques Neolife\t\t\t\t\t\t\t<\/div>\n\t\t\t\t\t\t\t\t\t\t\t<\/div>\n\t\t\t\t<\/div>\n\t\t\t<\/div>\n\t\t\t<div class=\"elementor-flip-box__layer elementor-flip-box__back\">\n\t\t\t<div class=\"elementor-flip-box__layer__overlay\">\n\t\t\t\t<div class=\"elementor-flip-box__layer__inner\">\n\t\t\t\t\t\n\t\t\t\t\t\t\t\t\t\t\t<div class=\"elementor-flip-box__layer__description\">\n\t\t\t\t\t\t\tLa Desiree \u00e9s graduada en Administraci\u00f3 i Direcci\u00f3 d\u2019Empreses per la Universitat de M\u00e0laga. Des que va finalitzar els seus estudis universitaris, la seva traject\u00f2ria professional ha estat vinculada a l\u2019\u00e0mbit de la salut. Mostra una gran implicaci\u00f3 en l\u2019evoluci\u00f3 i el creixement de les cl\u00edniques Neolife.  \t\t\t\t\t\t<\/div>\n\t\t\t\t\t\n\t\t\t\t\t\t\t\t<\/div>\n\t\t<\/div>\n\t\t<\/div>\n\t\t<\/div>\n\t\t\t\t\t\t<\/div>\n\t\t\t\t<\/div>\n\t\t\t\t\t<\/div>\n\t\t<\/div>\n\t\t\t\t<div class=\"elementor-column elementor-col-33 elementor-inner-column elementor-element elementor-element-48475e5\" data-id=\"48475e5\" data-element_type=\"column\">\n\t\t\t<div class=\"elementor-widget-wrap elementor-element-populated\">\n\t\t\t\t\t\t<div class=\"elementor-element elementor-element-972ec94 elementor-flip-box--direction-right team-card elementor-flip-box--effect-flip elementor-widget elementor-widget-flip-box\" data-id=\"972ec94\" data-element_type=\"widget\" data-widget_type=\"flip-box.default\">\n\t\t\t\t<div class=\"elementor-widget-container\">\n\t\t\t\t\t\t\t<div class=\"elementor-flip-box\" tabindex=\"0\">\n\t\t\t<div class=\"elementor-flip-box__layer elementor-flip-box__front\">\n\t\t\t\t<div class=\"elementor-flip-box__layer__overlay\">\n\t\t\t\t\t<div class=\"elementor-flip-box__layer__inner\">\n\t\t\t\t\t\t\n\t\t\t\t\t\t\t\t\t\t\t\t\t<h3 class=\"elementor-flip-box__layer__title\">\n\t\t\t\t\t\t\t\tRoberto Jim\u00e9nez\t\t\t\t\t\t\t<\/h3>\n\t\t\t\t\t\t\n\t\t\t\t\t\t\t\t\t\t\t\t\t<div class=\"elementor-flip-box__layer__description\">\n\t\t\t\t\t\t\t\tDirector de Desenvolupament de Negoci\t\t\t\t\t\t\t<\/div>\n\t\t\t\t\t\t\t\t\t\t\t<\/div>\n\t\t\t\t<\/div>\n\t\t\t<\/div>\n\t\t\t<div class=\"elementor-flip-box__layer elementor-flip-box__back\">\n\t\t\t<div class=\"elementor-flip-box__layer__overlay\">\n\t\t\t\t<div class=\"elementor-flip-box__layer__inner\">\n\t\t\t\t\t\n\t\t\t\t\t\t\t\t\t\t\t<div class=\"elementor-flip-box__layer__description\">\n\t\t\t\t\t\t\tEn Roberto \u00e9s Enginyer Superior de Telecomunicacions, apassionat per la salut. Va comen\u00e7ar la seva experi\u00e8ncia professional en Consultoria Estrat\u00e8gica, especialment focalitzada en el sector de les Telecomunicacions, en diverses \u00e0rees de negoci: Estrat\u00e8gia, Efici\u00e8ncia Operacional, Customer Experience, Transformaci\u00f3 Digital\u2026  \n<br><br>En Roberto es va unir a l\u2019equip de Neolife des dels seus inicis com a Director de Desenvolupament de Negoci del Grup Neolife. La seva passi\u00f3 per l\u2019entorn digital ha reorientat la seva carrera dins del Grup Neolife i actualment \u00e9s Managing Director de Neopharma Laboratories, la seva branca de Suplementaci\u00f3 Avan\u00e7ada Antienvelliment \u2013 Neoactives. \t\t\t\t\t\t<\/div>\n\t\t\t\t\t\n\t\t\t\t\t\t\t\t<\/div>\n\t\t<\/div>\n\t\t<\/div>\n\t\t<\/div>\n\t\t\t\t\t\t<\/div>\n\t\t\t\t<\/div>\n\t\t\t\t\t<\/div>\n\t\t<\/div>\n\t\t\t\t\t<\/div>\n\t\t<\/section>\n\t\t\t\t<section class=\"elementor-section elementor-inner-section elementor-element elementor-element-40d5137 elementor-section-full_width elementor-section-height-default elementor-section-height-default\" data-id=\"40d5137\" data-element_type=\"section\">\n\t\t\t\t\t\t<div class=\"elementor-container elementor-column-gap-default\">\n\t\t\t\t\t<div class=\"elementor-column elementor-col-33 elementor-inner-column elementor-element elementor-element-9a43baa\" data-id=\"9a43baa\" data-element_type=\"column\">\n\t\t\t<div class=\"elementor-widget-wrap elementor-element-populated\">\n\t\t\t\t\t\t<div class=\"elementor-element elementor-element-b5ac51e elementor-flip-box--direction-right team-card elementor-flip-box--effect-flip elementor-widget elementor-widget-flip-box\" data-id=\"b5ac51e\" data-element_type=\"widget\" data-widget_type=\"flip-box.default\">\n\t\t\t\t<div class=\"elementor-widget-container\">\n\t\t\t\t\t\t\t<div class=\"elementor-flip-box\" tabindex=\"0\">\n\t\t\t<div class=\"elementor-flip-box__layer elementor-flip-box__front\">\n\t\t\t\t<div class=\"elementor-flip-box__layer__overlay\">\n\t\t\t\t\t<div class=\"elementor-flip-box__layer__inner\">\n\t\t\t\t\t\t\n\t\t\t\t\t\t\t\t\t\t\t\t\t<h3 class=\"elementor-flip-box__layer__title\">\n\t\t\t\t\t\t\t\tEsther Anzola\t\t\t\t\t\t\t<\/h3>\n\t\t\t\t\t\t\n\t\t\t\t\t\t\t\t\t\t\t\t\t<div class=\"elementor-flip-box__layer__description\">\n\t\t\t\t\t\t\t\tCEO Grupo Neolife\t\t\t\t\t\t\t<\/div>\n\t\t\t\t\t\t\t\t\t\t\t<\/div>\n\t\t\t\t<\/div>\n\t\t\t<\/div>\n\t\t\t<div class=\"elementor-flip-box__layer elementor-flip-box__back\">\n\t\t\t<div class=\"elementor-flip-box__layer__overlay\">\n\t\t\t\t<div class=\"elementor-flip-box__layer__inner\">\n\t\t\t\t\t\n\t\t\t\t\t\t\t\t\t\t\t<div class=\"elementor-flip-box__layer__description\">\n\t\t\t\t\t\t\tL\u2019Esther \u00e9s Enginyera Superior Industrial en l\u2019especialitat d\u2019electr\u00f2nica i m\u00e0ster en Direcci\u00f3 de M\u00e0rqueting.<br><br>Professional s\u00e8nior amb m\u00e9s de 20 anys d\u2019experi\u00e8ncia en consultoria estrat\u00e8gica, management, inversi\u00f3, control financer i desenvolupament empresarial, adquirida en una \u00e0mplia gamma d\u2019empreses.<br><br>Durant la darrera d\u00e8cada ha centrat les seves energies en el sector de la salut, fundant i desenvolupant el Grup M\u00e8dic Neolife.<br><br>El principal repte al llarg d\u2019aquests anys ha estat donar a con\u00e8ixer aquesta l\u00ednia d\u2019atenci\u00f3 sanit\u00e0ria a Espanya, on \u00e9s un mercat jove, per\u00f2 sens dubte amb un gran potencial.\t\t\t\t\t\t<\/div>\n\t\t\t\t\t\n\t\t\t\t\t\t\t\t<\/div>\n\t\t<\/div>\n\t\t<\/div>\n\t\t<\/div>\n\t\t\t\t\t\t<\/div>\n\t\t\t\t<\/div>\n\t\t\t\t\t<\/div>\n\t\t<\/div>\n\t\t\t\t<div class=\"elementor-column elementor-col-33 elementor-inner-column elementor-element elementor-element-a303bda\" data-id=\"a303bda\" data-element_type=\"column\">\n\t\t\t<div class=\"elementor-widget-wrap\">\n\t\t\t\t\t\t\t<\/div>\n\t\t<\/div>\n\t\t\t\t<div class=\"elementor-column elementor-col-33 elementor-inner-column elementor-element elementor-element-e23aea4\" data-id=\"e23aea4\" data-element_type=\"column\">\n\t\t\t<div class=\"elementor-widget-wrap\">\n\t\t\t\t\t\t\t<\/div>\n\t\t<\/div>\n\t\t\t\t\t<\/div>\n\t\t<\/section>\n\t\t\t\t<div class=\"elementor-element elementor-element-cc10fb4 elementor-widget elementor-widget-icon-box\" data-id=\"cc10fb4\" data-element_type=\"widget\" data-widget_type=\"icon-box.default\">\n\t\t\t\t<div class=\"elementor-widget-container\">\n\t\t\t\t\t\t\t<div class=\"elementor-icon-box-wrapper\">\n\n\t\t\t\n\t\t\t\t\t\t<div class=\"elementor-icon-box-content\">\n\n\t\t\t\t\t\t\t\t\t<h3 class=\"elementor-icon-box-title\">\n\t\t\t\t\t\t<span  >\n\t\t\t\t\t\t\tEls nostres col\u00b7laboradors\t\t\t\t\t\t<\/span>\n\t\t\t\t\t<\/h3>\n\t\t\t\t\n\t\t\t\t\n\t\t\t<\/div>\n\t\t\t\n\t\t<\/div>\n\t\t\t\t\t\t<\/div>\n\t\t\t\t<\/div>\n\t\t\t\t<section class=\"elementor-section elementor-inner-section elementor-element elementor-element-1a1b830 elementor-section-full_width elementor-section-height-default elementor-section-height-default\" data-id=\"1a1b830\" data-element_type=\"section\">\n\t\t\t\t\t\t<div class=\"elementor-container elementor-column-gap-default\">\n\t\t\t\t\t<div class=\"elementor-column elementor-col-33 elementor-inner-column elementor-element elementor-element-ccc4a26\" data-id=\"ccc4a26\" data-element_type=\"column\">\n\t\t\t<div class=\"elementor-widget-wrap elementor-element-populated\">\n\t\t\t\t\t\t<div class=\"elementor-element elementor-element-3973412 elementor-flip-box--direction-right team-card elementor-flip-box--effect-flip elementor-widget elementor-widget-flip-box\" data-id=\"3973412\" data-element_type=\"widget\" data-widget_type=\"flip-box.default\">\n\t\t\t\t<div class=\"elementor-widget-container\">\n\t\t\t\t\t\t\t<div class=\"elementor-flip-box\" tabindex=\"0\">\n\t\t\t<div class=\"elementor-flip-box__layer elementor-flip-box__front\">\n\t\t\t\t<div class=\"elementor-flip-box__layer__overlay\">\n\t\t\t\t\t<div class=\"elementor-flip-box__layer__inner\">\n\t\t\t\t\t\t\n\t\t\t\t\t\t\t\t\t\t\t\t\t<h3 class=\"elementor-flip-box__layer__title\">\n\t\t\t\t\t\t\t\tDr. Dar\u00edo Acu\u00f1a Castroviejo\t\t\t\t\t\t\t<\/h3>\n\t\t\t\t\t\t\n\t\t\t\t\t\t\t\t\t\t\t<\/div>\n\t\t\t\t<\/div>\n\t\t\t<\/div>\n\t\t\t<div class=\"elementor-flip-box__layer elementor-flip-box__back\">\n\t\t\t<div class=\"elementor-flip-box__layer__overlay\">\n\t\t\t\t<div class=\"elementor-flip-box__layer__inner\">\n\t\t\t\t\t\n\t\t\t\t\t\t\t\t\t\t\t<div class=\"elementor-flip-box__layer__description\">\n\t\t\t\t\t\t\tCatedr\u00e0tic de Fisiologia de la Universitat de Granada; Director Cient\u00edfic de Pharmamel SL, i co-director de l'Institut Internacional de Melatonina.\t\t\t\t\t\t<\/div>\n\t\t\t\t\t\n\t\t\t\t\t\t\t\t<\/div>\n\t\t<\/div>\n\t\t<\/div>\n\t\t<\/div>\n\t\t\t\t\t\t<\/div>\n\t\t\t\t<\/div>\n\t\t\t\t\t<\/div>\n\t\t<\/div>\n\t\t\t\t<div class=\"elementor-column elementor-col-33 elementor-inner-column elementor-element elementor-element-a5d5f00\" data-id=\"a5d5f00\" data-element_type=\"column\">\n\t\t\t<div class=\"elementor-widget-wrap elementor-element-populated\">\n\t\t\t\t\t\t<div class=\"elementor-element elementor-element-c05f8ff elementor-flip-box--direction-right team-card elementor-flip-box--effect-flip elementor-widget elementor-widget-flip-box\" data-id=\"c05f8ff\" data-element_type=\"widget\" data-widget_type=\"flip-box.default\">\n\t\t\t\t<div class=\"elementor-widget-container\">\n\t\t\t\t\t\t\t<div class=\"elementor-flip-box\" tabindex=\"0\">\n\t\t\t<div class=\"elementor-flip-box__layer elementor-flip-box__front\">\n\t\t\t\t<div class=\"elementor-flip-box__layer__overlay\">\n\t\t\t\t\t<div class=\"elementor-flip-box__layer__inner\">\n\t\t\t\t\t\t\n\t\t\t\t\t\t\t\t\t\t\t\t\t<h3 class=\"elementor-flip-box__layer__title\">\n\t\t\t\t\t\t\t\tDra. Germaine Escames \t\t\t\t\t\t\t<\/h3>\n\t\t\t\t\t\t\n\t\t\t\t\t\t\t\t\t\t\t<\/div>\n\t\t\t\t<\/div>\n\t\t\t<\/div>\n\t\t\t<div class=\"elementor-flip-box__layer elementor-flip-box__back\">\n\t\t\t<div class=\"elementor-flip-box__layer__overlay\">\n\t\t\t\t<div class=\"elementor-flip-box__layer__inner\">\n\t\t\t\t\t\n\t\t\t\t\t\t\t\t\t\t\t<div class=\"elementor-flip-box__layer__description\">\n\t\t\t\t\t\t\tCatedr\u00e0tica de Fisiologia de la Universitat de Granada; Directora Cient\u00edfica de Pharmamel SL, i co-directora de l'Institut Internacional de Melatonina.\t\t\t\t\t\t<\/div>\n\t\t\t\t\t\n\t\t\t\t\t\t\t\t<\/div>\n\t\t<\/div>\n\t\t<\/div>\n\t\t<\/div>\n\t\t\t\t\t\t<\/div>\n\t\t\t\t<\/div>\n\t\t\t\t\t<\/div>\n\t\t<\/div>\n\t\t\t\t<div class=\"elementor-column elementor-col-33 elementor-inner-column elementor-element elementor-element-cb125f8\" data-id=\"cb125f8\" data-element_type=\"column\">\n\t\t\t<div class=\"elementor-widget-wrap elementor-element-populated\">\n\t\t\t\t\t\t<div class=\"elementor-element elementor-element-61d99fc elementor-flip-box--direction-right team-card elementor-flip-box--effect-flip elementor-widget elementor-widget-flip-box\" data-id=\"61d99fc\" data-element_type=\"widget\" data-widget_type=\"flip-box.default\">\n\t\t\t\t<div class=\"elementor-widget-container\">\n\t\t\t\t\t\t\t<div class=\"elementor-flip-box\" tabindex=\"0\">\n\t\t\t<div class=\"elementor-flip-box__layer elementor-flip-box__front\">\n\t\t\t\t<div class=\"elementor-flip-box__layer__overlay\">\n\t\t\t\t\t<div class=\"elementor-flip-box__layer__inner\">\n\t\t\t\t\t\t\n\t\t\t\t\t\t\t\t\t\t\t\t\t<h3 class=\"elementor-flip-box__layer__title\">\n\t\t\t\t\t\t\t\tAntonio L\u00f3pez\t\t\t\t\t\t\t<\/h3>\n\t\t\t\t\t\t\n\t\t\t\t\t\t\t\t\t\t\t<\/div>\n\t\t\t\t<\/div>\n\t\t\t<\/div>\n\t\t\t<div class=\"elementor-flip-box__layer elementor-flip-box__back\">\n\t\t\t<div class=\"elementor-flip-box__layer__overlay\">\n\t\t\t\t<div class=\"elementor-flip-box__layer__inner\">\n\t\t\t\t\t\n\t\t\t\t\t\t\t\t\t\t\t<div class=\"elementor-flip-box__layer__description\">\n\t\t\t\t\t\t\tLlicenciat en Educaci\u00f3 F\u00edsica per la Universitat de Granada. Entrenador personal i Director T\u00e8cnic de Saludando. \t\t\t\t\t\t<\/div>\n\t\t\t\t\t\n\t\t\t\t\t\t\t\t<\/div>\n\t\t<\/div>\n\t\t<\/div>\n\t\t<\/div>\n\t\t\t\t\t\t<\/div>\n\t\t\t\t<\/div>\n\t\t\t\t\t<\/div>\n\t\t<\/div>\n\t\t\t\t\t<\/div>\n\t\t<\/section>\n\t\t\t\t\t<\/div>\n\t\t<\/div>\n\t\t\t\t\t<\/div>\n\t\t<\/section>\n\t\t\t\t<\/div>\n\t\t","protected":false},"excerpt":{"rendered":"<p>EL NOSTRE EQUIP LES NOSTRES CL\u00cdNIQUES Dr. Gal\u00e1n Equip M\u00e8dic Neolife El Dr. Gal\u00e1n \u00e9s llicenciat en Medicina i Cirurgia per la Universitat Aut\u00f2noma de Madrid i est\u00e0 especialitzat en Medicina Familiar i Comunit\u00e0ria a l\u2019Hospital Universitari La Paz. En els darrers anys ha completat la seva formaci\u00f3 cl\u00ednica i ha orientat la seva carrera [&hellip;]<\/p>\n","protected":false},"author":28,"featured_media":0,"parent":0,"menu_order":2,"comment_status":"closed","ping_status":"closed","template":"elementor_header_footer","meta":{"_acf_changed":false,"inline_featured_image":false,"footnotes":""},"class_list":["post-27911","page","type-page","status-publish","hentry"],"acf":[],"yoast_head":"<!-- This site is optimized with the Yoast SEO plugin v26.5 - https:\/\/yoast.com\/wordpress\/plugins\/seo\/ -->\n<title>L&#039;equip de Neolife | Medicina Preventiva Antiaging<\/title>\n<meta name=\"description\" content=\"Qui formem l&#039;equip de Neolife \u25b6 Experts en Medicina Preventiva Antiaging i Maduri sentint-se Jove \u00b7 Contacte al tel\u00e8fon 917 32 59 50\" \/>\n<meta name=\"robots\" content=\"index, follow, max-snippet:-1, max-image-preview:large, max-video-preview:-1\" \/>\n<link rel=\"canonical\" href=\"https:\/\/www.neolifesalud.com\/ca\/equipo\/\" \/>\n<meta property=\"og:locale\" content=\"ca_ES\" \/>\n<meta property=\"og:type\" content=\"article\" \/>\n<meta property=\"og:title\" content=\"L&#039;equip de Neolife | Medicina Preventiva Antiaging\" \/>\n<meta property=\"og:description\" content=\"Qui formem l&#039;equip de Neolife \u25b6 Experts en Medicina Preventiva Antiaging i Maduri sentint-se Jove \u00b7 Contacte al tel\u00e8fon 917 32 59 50\" \/>\n<meta property=\"og:url\" content=\"https:\/\/www.neolifesalud.com\/ca\/equipo\/\" \/>\n<meta property=\"og:site_name\" content=\"Neolife\" \/>\n<meta property=\"article:modified_time\" content=\"2026-02-25T16:27:50+00:00\" \/>\n<meta name=\"twitter:card\" content=\"summary_large_image\" \/>\n<meta name=\"twitter:label1\" content=\"Temps estimat de lectura\" \/>\n\t<meta name=\"twitter:data1\" content=\"6 minuts\" \/>\n<script type=\"application\/ld+json\" class=\"yoast-schema-graph\">{\"@context\":\"https:\/\/schema.org\",\"@graph\":[{\"@type\":\"WebPage\",\"@id\":\"https:\/\/www.neolifesalud.com\/ca\/equipo\/\",\"url\":\"https:\/\/www.neolifesalud.com\/ca\/equipo\/\",\"name\":\"L'equip de Neolife | Medicina Preventiva Antiaging\",\"isPartOf\":{\"@id\":\"https:\/\/www.neolifesalud.com\/ca\/#website\"},\"datePublished\":\"2025-03-01T18:02:32+00:00\",\"dateModified\":\"2026-02-25T16:27:50+00:00\",\"description\":\"Qui formem l'equip de Neolife \u25b6 Experts en Medicina Preventiva Antiaging i Maduri sentint-se Jove \u00b7 Contacte al tel\u00e8fon 917 32 59 50\",\"breadcrumb\":{\"@id\":\"https:\/\/www.neolifesalud.com\/ca\/equipo\/#breadcrumb\"},\"inLanguage\":\"ca\",\"potentialAction\":[{\"@type\":\"ReadAction\",\"target\":[\"https:\/\/www.neolifesalud.com\/ca\/equipo\/\"]}]},{\"@type\":\"BreadcrumbList\",\"@id\":\"https:\/\/www.neolifesalud.com\/ca\/equipo\/#breadcrumb\",\"itemListElement\":[{\"@type\":\"ListItem\",\"position\":1,\"name\":\"Neolife\",\"item\":\"https:\/\/www.neolifesalud.com\/ca\/inici\/\"},{\"@type\":\"ListItem\",\"position\":2,\"name\":\"Equip\"}]},{\"@type\":\"WebSite\",\"@id\":\"https:\/\/www.neolifesalud.com\/ca\/#website\",\"url\":\"https:\/\/www.neolifesalud.com\/ca\/\",\"name\":\"Neolife\",\"description\":\"Medicina preventiva antiaging\",\"publisher\":{\"@id\":\"https:\/\/www.neolifesalud.com\/ca\/#organization\"},\"potentialAction\":[{\"@type\":\"SearchAction\",\"target\":{\"@type\":\"EntryPoint\",\"urlTemplate\":\"https:\/\/www.neolifesalud.com\/ca\/?s={search_term_string}\"},\"query-input\":{\"@type\":\"PropertyValueSpecification\",\"valueRequired\":true,\"valueName\":\"search_term_string\"}}],\"inLanguage\":\"ca\"},{\"@type\":\"Organization\",\"@id\":\"https:\/\/www.neolifesalud.com\/ca\/#organization\",\"name\":\"Neolife\",\"url\":\"https:\/\/www.neolifesalud.com\/ca\/\",\"logo\":{\"@type\":\"ImageObject\",\"inLanguage\":\"ca\",\"@id\":\"https:\/\/www.neolifesalud.com\/ca\/#\/schema\/logo\/image\/\",\"url\":\"https:\/\/www.neolifesalud.com\/wp-content\/uploads\/Logo_Neolife_2025-1-scaled.png\",\"contentUrl\":\"https:\/\/www.neolifesalud.com\/wp-content\/uploads\/Logo_Neolife_2025-1-scaled.png\",\"width\":2560,\"height\":855,\"caption\":\"Neolife\"},\"image\":{\"@id\":\"https:\/\/www.neolifesalud.com\/ca\/#\/schema\/logo\/image\/\"}}]}<\/script>\n<!-- \/ Yoast SEO plugin. -->","yoast_head_json":{"title":"L'equip de Neolife | Medicina Preventiva Antiaging","description":"Qui formem l'equip de Neolife \u25b6 Experts en Medicina Preventiva Antiaging i Maduri sentint-se Jove \u00b7 Contacte al tel\u00e8fon 917 32 59 50","robots":{"index":"index","follow":"follow","max-snippet":"max-snippet:-1","max-image-preview":"max-image-preview:large","max-video-preview":"max-video-preview:-1"},"canonical":"https:\/\/www.neolifesalud.com\/ca\/equipo\/","og_locale":"ca_ES","og_type":"article","og_title":"L'equip de Neolife | Medicina Preventiva Antiaging","og_description":"Qui formem l'equip de Neolife \u25b6 Experts en Medicina Preventiva Antiaging i Maduri sentint-se Jove \u00b7 Contacte al tel\u00e8fon 917 32 59 50","og_url":"https:\/\/www.neolifesalud.com\/ca\/equipo\/","og_site_name":"Neolife","article_modified_time":"2026-02-25T16:27:50+00:00","twitter_card":"summary_large_image","twitter_misc":{"Temps estimat de lectura":"6 minuts"},"schema":{"@context":"https:\/\/schema.org","@graph":[{"@type":"WebPage","@id":"https:\/\/www.neolifesalud.com\/ca\/equipo\/","url":"https:\/\/www.neolifesalud.com\/ca\/equipo\/","name":"L'equip de Neolife | Medicina Preventiva Antiaging","isPartOf":{"@id":"https:\/\/www.neolifesalud.com\/ca\/#website"},"datePublished":"2025-03-01T18:02:32+00:00","dateModified":"2026-02-25T16:27:50+00:00","description":"Qui formem l'equip de Neolife \u25b6 Experts en Medicina Preventiva Antiaging i Maduri sentint-se Jove \u00b7 Contacte al tel\u00e8fon 917 32 59 50","breadcrumb":{"@id":"https:\/\/www.neolifesalud.com\/ca\/equipo\/#breadcrumb"},"inLanguage":"ca","potentialAction":[{"@type":"ReadAction","target":["https:\/\/www.neolifesalud.com\/ca\/equipo\/"]}]},{"@type":"BreadcrumbList","@id":"https:\/\/www.neolifesalud.com\/ca\/equipo\/#breadcrumb","itemListElement":[{"@type":"ListItem","position":1,"name":"Neolife","item":"https:\/\/www.neolifesalud.com\/ca\/inici\/"},{"@type":"ListItem","position":2,"name":"Equip"}]},{"@type":"WebSite","@id":"https:\/\/www.neolifesalud.com\/ca\/#website","url":"https:\/\/www.neolifesalud.com\/ca\/","name":"Neolife","description":"Medicina preventiva antiaging","publisher":{"@id":"https:\/\/www.neolifesalud.com\/ca\/#organization"},"potentialAction":[{"@type":"SearchAction","target":{"@type":"EntryPoint","urlTemplate":"https:\/\/www.neolifesalud.com\/ca\/?s={search_term_string}"},"query-input":{"@type":"PropertyValueSpecification","valueRequired":true,"valueName":"search_term_string"}}],"inLanguage":"ca"},{"@type":"Organization","@id":"https:\/\/www.neolifesalud.com\/ca\/#organization","name":"Neolife","url":"https:\/\/www.neolifesalud.com\/ca\/","logo":{"@type":"ImageObject","inLanguage":"ca","@id":"https:\/\/www.neolifesalud.com\/ca\/#\/schema\/logo\/image\/","url":"https:\/\/www.neolifesalud.com\/wp-content\/uploads\/Logo_Neolife_2025-1-scaled.png","contentUrl":"https:\/\/www.neolifesalud.com\/wp-content\/uploads\/Logo_Neolife_2025-1-scaled.png","width":2560,"height":855,"caption":"Neolife"},"image":{"@id":"https:\/\/www.neolifesalud.com\/ca\/#\/schema\/logo\/image\/"}}]}},"_links":{"self":[{"href":"https:\/\/www.neolifesalud.com\/ca\/wp-json\/wp\/v2\/pages\/27911","targetHints":{"allow":["GET"]}}],"collection":[{"href":"https:\/\/www.neolifesalud.com\/ca\/wp-json\/wp\/v2\/pages"}],"about":[{"href":"https:\/\/www.neolifesalud.com\/ca\/wp-json\/wp\/v2\/types\/page"}],"author":[{"embeddable":true,"href":"https:\/\/www.neolifesalud.com\/ca\/wp-json\/wp\/v2\/users\/28"}],"replies":[{"embeddable":true,"href":"https:\/\/www.neolifesalud.com\/ca\/wp-json\/wp\/v2\/comments?post=27911"}],"version-history":[{"count":11,"href":"https:\/\/www.neolifesalud.com\/ca\/wp-json\/wp\/v2\/pages\/27911\/revisions"}],"predecessor-version":[{"id":30848,"href":"https:\/\/www.neolifesalud.com\/ca\/wp-json\/wp\/v2\/pages\/27911\/revisions\/30848"}],"wp:attachment":[{"href":"https:\/\/www.neolifesalud.com\/ca\/wp-json\/wp\/v2\/media?parent=27911"}],"curies":[{"name":"wp","href":"https:\/\/api.w.org\/{rel}","templated":true}]}}